{"id":117,"date":"2017-04-03T14:22:47","date_gmt":"2017-04-03T14:22:47","guid":{"rendered":"http:\/\/www.rheintalerbachchor.com\/?page_id=117"},"modified":"2026-04-22T23:12:43","modified_gmt":"2026-04-22T23:12:43","slug":"projekt-aktuell","status":"publish","type":"page","link":"https:\/\/www.rheintalerbachchor.com\/?page_id=117","title":{"rendered":"Projekte"},"content":{"rendered":"<p><strong><span style=\"font-family: arial, helvetica, sans-serif; font-size: 18pt;\">RBC Projekt VIII &#8211; 2026\/ 2027<br \/>\n<\/span><span style=\"font-family: arial, helvetica, sans-serif; font-size: 12pt; color: #993366;\">STABAT MATER von Anton\u00edn Dvo\u0159\u00e1k (1841 \u2013 1904)<br \/>\n<\/span><\/strong><\/p>\n<p><span style=\"font-family: arial, helvetica, sans-serif;\">Der Rheintaler Bach-Chor wird das Werk von August 2026 \u2013 M\u00e4rz 2027 erarbeiten, <\/span><span style=\"font-family: arial, helvetica, sans-serif;\">in Kooperation mit dem <strong>Messias Chor Z\u00fcrich<\/strong>, dem <strong>Orchesterverein Einsiedeln<\/strong> und <strong>Jelena Dojcinovic<\/strong>, Sopran; <strong>C\u00e9line Ak\u00e7a\u011f<\/strong>, Alt;&nbsp; <strong>Nino Aurelio Gm\u00fcnder<\/strong>, Tenor; <strong>Bastian Thomas Kohl<\/strong>, Bass; <strong><span style=\"font-size: 12pt;\">Leitung Alexander Seidel<\/span><\/strong><\/span><\/p>\n<p><span style=\"font-family: arial, helvetica, sans-serif;\">KONZERT 1: Samstag, 13.03.2027 in der Paulus Kirche Z\u00fcrich, 19:30<br \/>\n<\/span><span style=\"font-family: arial, helvetica, sans-serif;\">KONZERT 2: Sonntag, 14.03.2027 in der kath. Kirche Altst\u00e4tten, 17:00<br \/>\n<\/span><span style=\"font-family: arial, helvetica, sans-serif;\">KONZERT 3: Sonntag, 21.03.2027 in der Jugendkirche, Einsiedeln, 17:00<\/span><\/p>\n<p><a href=\"http:\/\/www.rheintalerbachchor.com\/wp-content\/uploads\/2026\/04\/PROBENPLAN-DVORAK-STABAT-MATER-.pdf\" target=\"_blank\" rel=\"noopener\">Probenplan<\/a><\/p>\n<p>Das <em>Stabat Mater<\/em> von Anton\u00edn Dvo\u0159\u00e1k entstand zwischen 1876 und 1877 und ist eines seiner per\u00ads\u00f6nlichsten und ergreifendsten Werke. Anlass war ein schwerer Schicksalsschlag: Innerhalb kurzer Zeit verlor Dvo\u0159\u00e1k drei seiner j\u00fcngsten Kinder. Die Vertonung des mittelalterlichen latei\u00adnischen Gedichts \u00fcber den Schmerz Marias unter dem Kreuz wurde f\u00fcr ihn zu einem Werk der Trauerbew\u00e4ltigung \u2013 und zugleich des Trostes.<\/p>\n<p>Das Werk ist f\u00fcr Soli (Sopran, Alt, Tenor, Bass), Chor und gro\u00dfes Orchester komponiert und um\u00adfasst zehn S\u00e4tze. Anders als viele dramatische Vertonungen des Textes w\u00e4hlt Dvo\u0159\u00e1k eine innige, lyrische Tonsprache. Schmerz und Klage stehen am Anfang im Vordergrund, doch im Verlauf wandelt sich die Musik zunehmend zu Hoffnung und Zuversicht. Besonders eindrucksvoll ist die weite melodische Gestaltung, die dem Werk eine warme, menschliche Tiefe verleiht.<\/p>\n<p>Die Urauff\u00fchrung der vollst\u00e4ndigen Fassung fand 1880 in Prag statt. International bekannt wurde das Werk vor allem durch eine erfolgreiche Auff\u00fchrung 1883 in London, die Dvo\u0159\u00e1ks Ruf als Kom\u00adponist geistlicher Musik festigte. Bis heute geh\u00f6rt das <em>Stabat Mater<\/em> zu den bedeutendsten romantischen Vertonungen dieses Tex\u00adtes \u2013 ein Werk von tiefer Emotionalit\u00e4t, das Leid, Glauben und Hoffnung in grosser musikalischer Form verbindet.<\/p>\n<p><span style=\"font-family: arial,helvetica,sans-serif; font-size: 18pt;\"><strong><span style=\"margin: 0px; color: #333333;\">RBC Projekt VII \u2013 2025\/<\/span><\/strong><span style=\"margin: 0px; color: #333333;\"><strong>2026<\/strong><br \/>\n<span style=\"color: #993366;\"><strong><span style=\"font-size: 14pt;\">Matth\u00e4us-Passion von Johann Sebastian Bach<br \/>\n<\/span><\/strong><\/span><\/span><\/span>\u00abSehen wir die Werke Bachs als Bergspitzen, dann ist die Matth\u00e4us-Passion der Mount Everest\u00bb so umschrieb 2012 der musikalische Leiter der J.S. Bach-Stiftung, Rudolf Lutz, die Gr\u00f6sse dieses Werkes in einem Tagesschaubeitrag. Der Rheintaler Bach-Chor erklomm in seinem 10. Vereinsjahr, im Jahr 2026, diesen Bach\u2019schen Mount Everest, mit allem Respekt, aber ohne Angst vor d\u00fcnner Luft. Das &#8222;Expeditionsteam&#8220; war ein Versprechen f\u00fcr grosse Musik und wurde der Erwartung mehr als gerecht:<\/p>\n<p>SOLISTINNEN UND SOLISTEN<br \/>\nDaniel Johannsen, Tenor, Evangelist&nbsp; &nbsp; &nbsp; <a href=\"https:\/\/www.danieljohannsen.com\/\" target=\"_blank\" rel=\"noopener\">offizielle Homepage<\/a><br \/>\nDaniel Ochoa, Bariton, Jesus&nbsp; &nbsp; &nbsp; &nbsp; &nbsp; &nbsp; &nbsp; &nbsp; &nbsp; &nbsp; &nbsp;<a href=\"https:\/\/www.daniel-ochoa.com\/\" target=\"_blank\" rel=\"noopener\">offizielle Homepage<\/a><br \/>\nMiriam Feuersinger, Sopran&nbsp; &nbsp; &nbsp; &nbsp; &nbsp; &nbsp; &nbsp; &nbsp; &nbsp; &nbsp; &nbsp; &nbsp;<a href=\"https:\/\/www.miriam-feuersinger.info\/\" target=\"_blank\" rel=\"noopener\">offizielle Homepage<\/a><br \/>\nMartina Gmeinder, Alt&nbsp; &nbsp; &nbsp; &nbsp; &nbsp; &nbsp; &nbsp; &nbsp; &nbsp; &nbsp; &nbsp; &nbsp; &nbsp; &nbsp; &nbsp; &nbsp; &nbsp; &nbsp;<a href=\"https:\/\/martinagmeinder.at\/\" target=\"_blank\" rel=\"noopener\">offizielle Homepage<\/a><br \/>\nClemens Morgenthaler, Bass&nbsp; &nbsp; &nbsp; &nbsp; &nbsp; &nbsp; &nbsp; &nbsp; &nbsp; &nbsp; <a href=\"http:\/\/www.clemensmorgenthaler.com\/\" target=\"_blank\" rel=\"noopener\">offizielle Homepage<\/a><br \/>\nNik Kevin Koch, Tenor, Arien&nbsp; &nbsp; &nbsp; &nbsp; &nbsp; &nbsp; &nbsp; &nbsp; &nbsp; &nbsp; &nbsp; Eintrag <a href=\"https:\/\/de.wikipedia.org\/wiki\/Nik_Kevin_Koch\" target=\"_blank\" rel=\"noopener\">Wikipedia<\/a><br \/>\nKonstantin Wolff, Bass, Arien&nbsp; &nbsp; &nbsp; &nbsp; &nbsp; &nbsp; &nbsp; &nbsp; &nbsp; &nbsp;<a href=\"https:\/\/konstantinwolff.com\/\" target=\"_blank\" rel=\"noopener\">offizielle Homepage<\/a><\/p>\n<p>ORCHESTER<br \/>\nConcerto Stella Matutina&nbsp; &nbsp; &nbsp; &nbsp; &nbsp; &nbsp; &nbsp; &nbsp; &nbsp; &nbsp; &nbsp; &nbsp; &nbsp; &nbsp; <a href=\"https:\/\/www.stellamatutina.at\/home\/willkommen.html\" target=\"_blank\" rel=\"noopener\">offizielle Homepage<\/a><\/p>\n<p>RHEINTALER BACH-CHOR<br \/>\nALEXANDER SEIDEL, Leitung&nbsp; &nbsp; &nbsp; &nbsp; &nbsp; &nbsp; &nbsp; &nbsp; &nbsp;<a href=\"https:\/\/www.alexanderseidel.net\/\" target=\"_blank\" rel=\"noopener\">offizielle Homepage<\/a><\/p>\n<p><a href=\"http:\/\/www.rheintalerbachchor.com\/wp-content\/uploads\/2026\/01\/Text-der-Matthaeus-Passion.pdf\"><img loading=\"lazy\" decoding=\"async\" class=\"alignnone wp-image-3545\" src=\"http:\/\/www.rheintalerbachchor.com\/wp-content\/uploads\/2024\/09\/Plakat-MP-2026-Homepage-300x224.jpg\" alt=\"\" width=\"420\" height=\"314\" srcset=\"https:\/\/www.rheintalerbachchor.com\/wp-content\/uploads\/2024\/09\/Plakat-MP-2026-Homepage-300x224.jpg 300w, https:\/\/www.rheintalerbachchor.com\/wp-content\/uploads\/2024\/09\/Plakat-MP-2026-Homepage-1024x766.jpg 1024w, https:\/\/www.rheintalerbachchor.com\/wp-content\/uploads\/2024\/09\/Plakat-MP-2026-Homepage-768x574.jpg 768w, https:\/\/www.rheintalerbachchor.com\/wp-content\/uploads\/2024\/09\/Plakat-MP-2026-Homepage-1536x1149.jpg 1536w, https:\/\/www.rheintalerbachchor.com\/wp-content\/uploads\/2024\/09\/Plakat-MP-2026-Homepage-2048x1532.jpg 2048w\" sizes=\"auto, (max-width: 420px) 100vw, 420px\" \/><\/a><\/p>\n<hr>\n<p><span style=\"font-family: arial,helvetica,sans-serif; font-size: 18pt;\"><strong><span style=\"margin: 0px; color: #333333;\">RBC Projekt VI \u2013 <\/span><\/strong><span style=\"margin: 0px; color: #333333;\">2024<br \/>\n<\/span><\/span><span style=\"font-family: arial,helvetica,sans-serif; font-size: 18pt;\"><span style=\"margin: 0px; color: #333333;\"><span style=\"font-size: 12pt;\"><strong><span style=\"color: #800000; font-size: 14pt;\">Josef G. Rheinberger, des Meisters Vita in T\u00f6nen<\/span><\/strong><\/span><\/span><\/span><span style=\"font-size: 12pt;\"><strong><a href=\"http:\/\/www.rheintalerbachchor.com\/wp-content\/uploads\/2023\/10\/EAR3PY-1.jpeg\"><img loading=\"lazy\" decoding=\"async\" class=\"alignnone wp-image-2717 size-thumbnail\" src=\"http:\/\/www.rheintalerbachchor.com\/wp-content\/uploads\/2023\/10\/EAR3PY-1-150x150.jpeg\" alt=\"\" width=\"150\" height=\"150\" srcset=\"https:\/\/www.rheintalerbachchor.com\/wp-content\/uploads\/2023\/10\/EAR3PY-1-150x150.jpeg 150w, https:\/\/www.rheintalerbachchor.com\/wp-content\/uploads\/2023\/10\/EAR3PY-1-100x100.jpeg 100w\" sizes=\"auto, (max-width: 150px) 100vw, 150px\" \/><\/a><br \/>\n<\/strong><\/span><span style=\"font-size: 12pt;\"><strong><br \/>\nProgramm<\/strong><br \/>\n<\/span><\/p>\n<p style=\"padding-left: 40px;\"><span style=\"font-size: 12pt;\"><strong>Aus \u2018F\u00fcnf Motetten, op. 40\u2019 (1864)<\/strong><\/span><br \/>\n<span style=\"font-size: 12pt;\">Ich liebe, weil erh\u00f6ret der Herr<br \/>\nWarum toben die Heiden<br \/>\nFrohlocket ihr Gerechten<br \/>\n<strong>Fuge aus der Orgelsonate Nr. 3 in G op. 88<\/strong>, ORGEL solo (1875)<\/span><br \/>\n<span style=\"font-size: 12pt;\"><strong>Stabat Mater op. 138<\/strong> (1884)<\/span><br \/>\n<span style=\"font-size: 12pt;\">Stabat Mater I &#8211; IV<br \/>\n<strong>Pastorale aus der Orgelsonate Nr. 20 in F-Dur <\/strong>ORGEL solo (1901)<\/span><br \/>\n<span style=\"font-size: 12pt;\"><strong>Messe in E- Dur op. 192 \u00abMisericordias Domini\u00bb<\/strong> (1899)<\/span><br \/>\n<span style=\"font-size: 12pt;\">Kyrie &#8211; Gloria &#8211; Credo &#8211; Sanctus &#8211; Benedictus &#8211; Agnus Dei<br \/>\n<strong>Aus \u2018Drei Geistliche Ges\u00e4nge, Opus 69\u2019<br \/>\n<\/strong>Dein sind die Himmel, Hymne (1864)<br \/>\nAbendlied (1855)<\/span><\/p>\n<p><span style=\"font-size: 12pt;\"><strong>Mitwirkende: &nbsp;<br \/>\n<\/strong>Rheintaler Bach-Chor, Leitung <strong>Alexander Seidel <\/strong><a href=\"https:\/\/www.alexanderseidel.net\/\" target=\"_blank\" rel=\"noopener\">(Web)<\/a><\/span><br \/>\n<span style=\"font-size: 12pt;\">Orgel: <strong>Stina Strehar <\/strong><a href=\"https:\/\/www.musikschule.li\/news\/stina_strehar\" target=\"_blank\" rel=\"noopener\">(Portrait)<\/a><\/span><\/p>\n<p><span style=\"font-size: 12pt;\">Freitag&nbsp; &nbsp; &nbsp; &nbsp; &nbsp; &nbsp; &nbsp; &nbsp;20. Sept. 2024, 20:00 <strong><span style=\"color: #0000ff;\">KONZERT 1<\/span><\/strong> KATHEDRALE SG<br \/>\nSonntag&nbsp; &nbsp; &nbsp; &nbsp; &nbsp; &nbsp; 22. Sept. 2024, 17:00&nbsp; <strong><span style=\"color: #0000ff;\">KONZERT 2<\/span><\/strong> ST. MARTIN ESCHEN<\/span><\/p>\n<p>*************************************************************************<\/p>\n<p><span style=\"font-family: arial,helvetica,sans-serif; font-size: 18pt;\"><strong><span style=\"margin: 0px; color: #333333;\">RBC Projekt V \u2013 <\/span><\/strong><span style=\"margin: 0px; color: #333333;\">2023<br \/>\n<a href=\"http:\/\/www.rheintalerbachchor.com\/wp-content\/uploads\/2023\/08\/flyer-a5-2023-070723-einzelseiten-ansicht-2.pdf\" target=\"_blank\" rel=\"noopener noreferrer\"><img loading=\"lazy\" decoding=\"async\" class=\"alignnone wp-image-2624 size-thumbnail\" src=\"http:\/\/www.rheintalerbachchor.com\/wp-content\/uploads\/2023\/08\/Screenshot-2023-08-12-164026-150x150.jpg\" alt=\"\" width=\"150\" height=\"150\" srcset=\"https:\/\/www.rheintalerbachchor.com\/wp-content\/uploads\/2023\/08\/Screenshot-2023-08-12-164026-150x150.jpg 150w, https:\/\/www.rheintalerbachchor.com\/wp-content\/uploads\/2023\/08\/Screenshot-2023-08-12-164026-100x100.jpg 100w\" sizes=\"auto, (max-width: 150px) 100vw, 150px\" \/><\/a><br \/>\n<\/span><\/span><\/p>\n<p><strong>Mitwirkende:<\/strong><br \/>\n<a href=\"http:\/\/www.rheintalerbachchor.com\/wp-content\/uploads\/2023\/08\/Rheintaler-Bach-Chor-und-Vorstand-2023.pdf\" target=\"_blank\" rel=\"noopener noreferrer\">Rheintaler Bach-Chor&nbsp;<\/a><br \/>\n<a href=\"http:\/\/www.rheintalerbachchor.com\/wp-content\/uploads\/2023\/08\/Umberto-Kostani\u0107-BIO.pdf\" target=\"_blank\" rel=\"noopener noreferrer\">Umberto Kostani\u0107<\/a>, Orgel<br \/>\n<a href=\"http:\/\/www.rheintalerbachchor.com\/wp-content\/uploads\/2023\/07\/ALEXANDER-SEIDEL.pdf\" target=\"_blank\" rel=\"noopener noreferrer\">Alexander Seidel Cembalo und Leitung<\/a><br \/>\nDauer ca. 70min ohne Pause<\/p>\n<p><span style=\"text-decoration: underline;\">Probenplan:<\/span><br \/>\n<strong>14<\/strong>. Januar&nbsp; 2023,&nbsp; 10:00-13:00 Kickoff \/ <strong>28<\/strong>. 01. 2023,&nbsp; 10:00-13:00<br \/>\n<strong>11.<\/strong> Februar 2023,&nbsp; 10:00-13:00 \/ <strong>25<\/strong>. 02.2023, 10:00-13:00<br \/>\n<strong>04<\/strong>. M\u00e4rz 2023,&nbsp; 10:00-13:00<br \/>\n<strong>01<\/strong>. April 2023,&nbsp; 10:00-13:00<br \/>\n<strong>06<\/strong>. Mai 2023,&nbsp; 10:00-13:00 \/ <strong>13.<\/strong> Mai 2023,&nbsp; 13:30-15:30<br \/>\n<strong>13.<\/strong> Mai 2023 10:00 &#8211; 11:30 <strong>Jahreshauptversammlung<\/strong><br \/>\n<strong>17<\/strong>. Juni 2023, 10:00-13:00<br \/>\n<strong>01<\/strong>. Juli 2023 10:00-13:00&nbsp;<br \/>\n<strong>19<\/strong>. August 2023, 10:00-13:00<br \/>\n<strong>02<\/strong>. September 2023, 10:00-13:00<br \/>\n<strong>07.<\/strong> September 2023 20:00 &#8211; 22:00 <strong>Hauptprobe in Feldkirch<br \/>\n08.&nbsp;<\/strong>September 2023 20:00 <strong>KONZERT 1, Dom St. Nikolaus Feldkirch<br \/>\n11.&nbsp; &nbsp;<\/strong>September 2023 20:30 <strong>KONZERT 2, Stephansdom Wien<br \/>\n17.&nbsp;<\/strong> September 2023 18:00 <strong>KONZERT 3, Evangelische Kirche Heiden<\/strong><\/p>\n<p><a href=\"http:\/\/www.rheintalerbachchor.com\/wp-content\/uploads\/2023\/05\/Screenshot-2023-05-07-172753.jpg\"><img loading=\"lazy\" decoding=\"async\" class=\"alignnone size-full wp-image-2427\" src=\"http:\/\/www.rheintalerbachchor.com\/wp-content\/uploads\/2023\/05\/Screenshot-2023-05-07-172753.jpg\" alt=\"\" width=\"912\" height=\"208\" srcset=\"https:\/\/www.rheintalerbachchor.com\/wp-content\/uploads\/2023\/05\/Screenshot-2023-05-07-172753.jpg 912w, https:\/\/www.rheintalerbachchor.com\/wp-content\/uploads\/2023\/05\/Screenshot-2023-05-07-172753-300x68.jpg 300w, https:\/\/www.rheintalerbachchor.com\/wp-content\/uploads\/2023\/05\/Screenshot-2023-05-07-172753-768x175.jpg 768w\" sizes=\"auto, (max-width: 767px) 89vw, (max-width: 1000px) 54vw, (max-width: 1071px) 543px, 580px\" \/><\/a><\/p>\n<table style=\"width: 580px;\">\n<tbody>\n<tr>\n<td style=\"width: 15px;\">&nbsp;<\/td>\n<td style=\"width: 35px;\">&nbsp;<\/td>\n<td style=\"width: 530px;\"><strong>CHOR\u00c4LE (Chor)<\/strong><\/p>\n<ol>\n<li>Kyrie, Gott Vater in Ewigkeit<\/li>\n<li>Christe, aller Welt Trost<\/li>\n<li>Kyrie, Gott heiliger Geist<\/li>\n<li>Allein Gott in der H\u00f6h&#8216; sei Ehr&#8216;<\/li>\n<li>Dies sind die heiligen zehn Gebot<\/li>\n<li>Wir glauben all&#8216; an einen Gott<\/li>\n<li>Vater unser im Himmelreich<\/li>\n<li>Christ, unser Herr, zum Jordan kam<\/li>\n<li><span style=\"color: #999999;\">Aus tiefer Not schrei ich zu dir (entf\u00e4llt)<\/span><\/li>\n<li>Jesus Christus, unser Heiland<\/li>\n<li>Verleih&#8216; uns Frieden gn\u00e4diglich<\/li>\n<\/ol>\n<p><a href=\"http:\/\/www.rheintalerbachchor.com\/wp-content\/uploads\/2022\/09\/musicalion79503-1-Noten.pdf\" target=\"_blank\" rel=\"noopener noreferrer\">Noten<\/a><\/td>\n<\/tr>\n<\/tbody>\n<\/table>\n<p>&nbsp;<\/p>\n<p>*************************************************************************<\/p>\n<p><span style=\"font-family: arial,helvetica,sans-serif; font-size: 18pt;\"><strong><span style=\"margin: 0px; color: #333333;\">RBC Projekt IV \u2013 <\/span><\/strong><span style=\"margin: 0px; color: #333333;\">2021\/22<\/span><\/span><\/p>\n<p><strong><span style=\"font-family: arial, helvetica, sans-serif; font-size: 14pt;\">Dettinger Te Deum<\/span><\/strong> <span style=\"font-family: arial, helvetica, sans-serif;\">von Georg Friedrich H\u00e4ndel&nbsp; HWV 283<\/span><br \/>\n<span style=\"font-family: arial, helvetica, sans-serif; font-size: 14pt;\"><strong>Ode for St. Cecilia&#8217;s Day<\/strong><\/span> <span style=\"font-family: arial, helvetica, sans-serif;\">von Georg Friedrich H\u00e4ndel HWV 76<\/span><\/p>\n<p><strong>Probenstart<\/strong>:<br \/>\nSa 11. Sept. 2021, Flyer mit Probenprogramm <a href=\"http:\/\/www.rheintalerbachchor.com\/wp-content\/uploads\/2021\/02\/H\u00e4ndel-Mitsingen-4S-A5.pdf\" target=\"_blank\" rel=\"noopener noreferrer\">hier<\/a><br \/>\n<strong>Konzert 1<\/strong> :<br \/>\nSa 17. Sept. 2022, 20:00; SAL Saal am Lindaplatz, Schaan FL<br \/>\n<strong>Konzert 2<\/strong>:<br \/>\nSo 18. Sept. 2022, 17:00; Bettagskonzert des Konzertzyklus Altst\u00e4tten<\/p>\n<p><strong>Mitwirkende<\/strong>:<br \/>\nJenny H\u00f6gstr\u00f6m, Sopran<br \/>\nDavid Erler, Altus<br \/>\nNik Kevin Koch, Tenor<br \/>\nClemens Morgenthaler, Bariton<br \/>\nConcerto Stella Matutina, Feldkirch<br \/>\nRheintaler Bach-Chor<\/p>\n<p>Gesamtleitung: Alexander Seidel<\/p>\n<p><strong>Youtube Links zum Reinh\u00f6ren:<\/strong>&nbsp;<br \/>\n<a href=\"https:\/\/www.youtube.com\/watch?v=aufEH9xJK_k&amp;t=1687s\" target=\"_blank\" rel=\"noopener noreferrer\">Dettinger Te Deum<\/a><br \/>\n<a href=\"https:\/\/www.youtube.com\/watch?v=OrI7a3qHV9U\" target=\"_blank\" rel=\"noopener noreferrer\">Ode for Cecilia&#8217;s Day<\/a><\/p>\n<p>*************************************************************************<\/p>\n<p><span style=\"font-family: arial,helvetica,sans-serif; font-size: 18pt;\"><strong><span style=\"margin: 0px; color: #333333;\">RBC Projekt III \u2013 <\/span><\/strong><span style=\"margin: 0px; color: #333333;\">2020<\/span><\/span><\/p>\n<p><span style=\"font-family: arial,helvetica,sans-serif;\"><span style=\"font-size: 14pt;\"><strong><span style=\"margin: 0px; color: #333333;\">Matth\u00e4us-Passion <\/span><\/strong><\/span><strong><span style=\"margin: 0px; color: #333333;\"><span style=\"font-size: medium;\">von Johann Sebastian Bach (1727)<\/span><\/span><\/strong><\/span><\/p>\n<p><strong>Die f\u00fcr den 03.04.\/05.04. und 08.04.2020 geplanten Auff\u00fchrungen mussten zu unserem gr\u00f6ssten Bedauern abgesagt werden<em>.<\/em><\/strong><\/p>\n<p>Da mit der Absage dieser Auff\u00fchrungen ein Wechsel in der Chorleitung beider beteiligten Ch\u00f6re verbunden war, kann die Auff\u00fchrung der Matth\u00e4us-Passion auch nach dem Corona bedingten Probe- und Auftrittsverbot in der geplanten Form nicht weiterverfolgt werden. Der Rheintaler Bach-Chor dankt dem Amt f\u00fcr Kultur des Kantons St. Gallen, der Rheintaler Kulturstiftung, der Ria &amp; Arthur Dietschweiler Stiftung und der Alexander Schmidheiny Stiftung f\u00fcr die sehr wertvolle finanzielle Hilfe beim R\u00fcckbau dieses Projektes!<\/p>\n<p>*************************************************************************<\/p>\n<p><span style=\"font-family: arial,helvetica,sans-serif; font-size: 18pt;\"><strong>RBC Projekt II \u2013 <\/strong>2019 <span style=\"font-size: 10pt; color: #0000ff;\">abgeschlossen<\/span><\/span><\/p>\n<p><span style=\"font-size: 12pt;\"><strong>SONNTAGS 5NACH5<\/strong><br \/>\nIm Rahmen der Rebsteiner Veranstaltungsreihe pr\u00e4sentiert sich der Rheintaler Bach-Chor am 2. Advent 2019 mit wundersch\u00f6nen, anspruchsvollen Advents- und Weihnachtsmotetten.&nbsp;<br \/>\n<\/span><\/p>\n<p><a href=\"http:\/\/www.rheintalerbachchor.com\/wp-content\/uploads\/2019\/12\/DSCN2196-bearb.jpg\"><img loading=\"lazy\" decoding=\"async\" class=\"alignnone wp-image-1278 size-full\" src=\"http:\/\/www.rheintalerbachchor.com\/wp-content\/uploads\/2019\/12\/DSCN2196-bearb.jpg\" alt=\"\" width=\"4608\" height=\"3456\" srcset=\"https:\/\/www.rheintalerbachchor.com\/wp-content\/uploads\/2019\/12\/DSCN2196-bearb.jpg 4608w, https:\/\/www.rheintalerbachchor.com\/wp-content\/uploads\/2019\/12\/DSCN2196-bearb-300x225.jpg 300w, https:\/\/www.rheintalerbachchor.com\/wp-content\/uploads\/2019\/12\/DSCN2196-bearb-768x576.jpg 768w, https:\/\/www.rheintalerbachchor.com\/wp-content\/uploads\/2019\/12\/DSCN2196-bearb-1024x768.jpg 1024w\" sizes=\"auto, (max-width: 767px) 89vw, (max-width: 1000px) 54vw, (max-width: 1071px) 543px, 580px\" \/><\/a><\/p>\n<p>Es weihnachtete sehr am Sonntag, 8. Dezember 2019 in der katholischen Kirche Rebstein. Die Kirche f\u00fcllte sich mit sangesfreudigen Besucherinnen und Besuchern (die 150 Liederhefte mussten gar geteilt werden). Dreissig S\u00e4ngerinnen und S\u00e4nger des Rheintaler Bach-Chors legten unter der Leitung von J\u00fcrgen Natter mit wundersch\u00f6nen Weihnachtsliedern alter Meister gleich zu Beginn die richtige Stimmung in den warm ausgeleuchteten Kirchenraum. Kerstin Kobelt, Mits\u00e4ngerin im Chor und Dirigentin des evangelischen Kirchenchores Marbach, \u00fcbernahm im Wechsel mit dem Chor die Anleitung zum Gesang mit allen Besuchern. Und sie verstand es, das ganze Auditorium im Nu zu einem eindr\u00fccklichen drei- und vierstimmigen m\u00e4chtigen Chor zu verschmelzen. J\u00fcrgen Natter nutzte dabei die Truhenorgel und trug mit liebevollen \u00dcberleitungen und feinf\u00fchligen Begleitungen zum Gelingen des spontanen Gesangs bei. Der Rheintaler Bach-Chor \u00fcberzeugte mit herausragendem a cappella Gesang und ber\u00fchrte mit der Botschaft der Lieder die Zuh\u00f6renden tief.&nbsp;<\/p>\n<p>*************************************************************************<\/p>\n<p><span style=\"font-family: arial,helvetica,sans-serif; font-size: 18pt;\">RBC<\/span><span style=\"font-size: 14pt;\"><span style=\"font-family: arial,helvetica,sans-serif; font-size: 18pt;\"><strong> Projekt I <span style=\"text-align: left; color: #333333; text-transform: none; text-indent: 0px; letter-spacing: normal; font-style: normal; font-variant: normal; text-decoration: none; word-spacing: 0px; display: inline !important; white-space: normal; orphans: 2; float: none; -webkit-text-stroke-width: 0px; background-color: transparent;\">\u2013 <\/span><\/strong><span style=\"text-align: left; color: #333333; text-transform: none; text-indent: 0px; letter-spacing: normal; font-style: normal; font-variant: normal; text-decoration: none; word-spacing: 0px; display: inline !important; white-space: normal; orphans: 2; float: none; -webkit-text-stroke-width: 0px; background-color: transparent;\">2017<\/span><\/span><span style=\"text-align: left; color: #333333; text-transform: none; text-indent: 0px; letter-spacing: normal; font-family: 'Libre Franklin','Helvetica Neue',helvetica,arial,sans-serif; font-style: normal; font-variant: normal; text-decoration: none; word-spacing: 0px; display: inline !important; white-space: normal; orphans: 2; float: none; -webkit-text-stroke-width: 0px; background-color: transparent;\"><span style=\"font-family: arial,helvetica,sans-serif; font-size: 18pt;\"> \/ 2018<\/span> <span style=\"color: #0000ff; font-size: 10pt;\">abgeschlossen<\/span><\/span><\/span><\/p>\n<p><strong>TOGGENBURGER PASSION von Peter Roth<\/strong><\/p>\n<p><span style=\"font-size: 12pt;\">Freitag, 23. M\u00e4rz 2018, 20 Uhr , Evangelische Kirche, Heiden AR<\/span><br \/>\n<span style=\"font-size: 12pt;\"> Palmsonntag, 25. M\u00e4rz 2018, 19 Uhr, &nbsp;Katholische Kirche,&nbsp; Altst\u00e4tten SG<\/span><br \/>\n<span style=\"font-size: 12pt;\"> Karfreitag, 30. M\u00e4rz 2018, 17 Uhr, &nbsp;Evangelische Kirche St. Stephan, Lindau (D)<\/span><\/p>\n<p>Die Aufnahme der Auff\u00fchrung Lindau kann zum Preis von CHF 15 \/ \u20ac 15 bezogen werden (<a href=\"mailto:beyeler.esther@bluewin.ch\" target=\"_blank\" rel=\"noopener noreferrer\">beyeler.esther@bluewin.ch<\/a>)<\/p>\n<p><a href=\"http:\/\/www.rheintalerbachchor.com\/wp-content\/uploads\/2018\/06\/CD-Bild-e1528614565865.jpg\"><img loading=\"lazy\" decoding=\"async\" class=\"alignnone wp-image-802\" src=\"http:\/\/www.rheintalerbachchor.com\/wp-content\/uploads\/2018\/06\/CD-Bild-300x289.jpg\" alt=\"\" width=\"150\" height=\"145\"><\/a><\/p>\n<p><span style=\"font-size: 12pt;\">Mitwirkende:<br \/>\n<\/span><span style=\"font-size: 12pt;\">Leitung: &nbsp; &nbsp; &nbsp; &nbsp;&nbsp; J\u00fcrgen Natter &nbsp; &nbsp; &nbsp; &nbsp; &nbsp; &nbsp; &nbsp; &nbsp; &nbsp; &nbsp; &nbsp; &nbsp; &nbsp; &nbsp;&nbsp; <a href=\"http:\/\/www.juergennatter.com\/\" target=\"_blank\" rel=\"noopener noreferrer\"><span style=\"font-size: 10pt;\">Webseite<\/span><\/a><span style=\"font-size: 10pt;\">&nbsp;<\/span><\/span><br \/>\n<span style=\"font-size: 12pt;\"> Solistin: &nbsp; &nbsp; &nbsp; &nbsp; &nbsp; Anna Gschwend, Sopran &nbsp; &nbsp; &nbsp; <span style=\"font-size: 10pt;\"><a href=\"http:\/\/www.annagschwend.com\/\" target=\"_blank\" rel=\"noopener noreferrer\">Webseite&nbsp;<\/a><\/span><\/span><br \/>\n<span style=\"font-size: 12pt;\"> Solist &nbsp; &nbsp; &nbsp; &nbsp; &nbsp; &nbsp; &nbsp;&nbsp; Christian B\u00fcchel, Bass &nbsp; &nbsp; &nbsp; &nbsp; &nbsp;&nbsp; <a href=\"http:\/\/www.sologesang.com\/\" target=\"_blank\" rel=\"noopener noreferrer\"><span style=\"font-size: 10pt;\">Webseite&nbsp;<\/span><\/a><\/span><br \/>\n<span style=\"font-size: 12pt;\"> Ensemble: &nbsp; &nbsp;&nbsp; Geschwister K\u00fcng &nbsp; &nbsp; &nbsp; &nbsp; &nbsp; &nbsp; &nbsp; &nbsp; &nbsp;&nbsp; <span style=\"font-size: 10pt;\"><a href=\"http:\/\/www.geschwisterkueng.com\/\" target=\"_blank\" rel=\"noopener noreferrer\">Webseite&nbsp;<\/a><\/span><\/span><br \/>\n<span style=\"font-size: 10pt;\"><span style=\"font-size: 12pt;\"> Chor: &nbsp; &nbsp; &nbsp; &nbsp; &nbsp; &nbsp; &nbsp; &nbsp; Rheintaler Bach-Chor<\/span><\/span><\/p>\n<p><a href=\"https:\/\/www.rheintalerbachchor.com\/?page_id=95\" target=\"_blank\" rel=\"noopener noreferrer\">Galerie<\/a><br \/>\n<a href=\"https:\/\/www.rheintalerbachchor.com\/?page_id=121\" target=\"_blank\" rel=\"noopener noreferrer\">Presse<\/a><br \/>\n<span style=\"font-size: 16px;\"><a href=\"http:\/\/www.rheintalerbachchor.com\/wp-content\/uploads\/2018\/04\/programmheft-f\u00fcr-Druck.pdf\" target=\"_blank\" rel=\"noopener noreferrer\"><span style=\"text-align: left; color: #333333; text-transform: none; line-height: 26.56px; text-indent: 0px; letter-spacing: normal; font-family: 'Libre Franklin','Helvetica Neue',helvetica,arial,sans-serif; font-style: normal; font-variant: normal; font-weight: 400; text-decoration: none; word-spacing: 0px; display: inline !important; white-space: normal; cursor: text; orphans: 2; float: none; -webkit-text-stroke-width: 0px; background-color: transparent;\">Programmheft<\/span><\/a><\/span><\/p>\n<p><span style=\"font-size: 10pt;\"><strong><br \/>\n<\/strong><\/span><strong><span style=\"font-size: 14pt;\">Toggenburger Passion von Peter Roth<\/span> &#8211; Kurzbeschrieb<\/strong><\/p>\n<p><a href=\"http:\/\/www.rheintalerbachchor.com\/wp-content\/uploads\/2017\/04\/Scan0005-2.jpg\"><img loading=\"lazy\" decoding=\"async\" class=\"alignnone size-medium wp-image-219\" src=\"http:\/\/www.rheintalerbachchor.com\/wp-content\/uploads\/2017\/04\/Scan0005-2-239x300.jpg\" alt=\"\" width=\"239\" height=\"300\" srcset=\"https:\/\/www.rheintalerbachchor.com\/wp-content\/uploads\/2017\/04\/Scan0005-2-239x300.jpg 239w, https:\/\/www.rheintalerbachchor.com\/wp-content\/uploads\/2017\/04\/Scan0005-2-768x963.jpg 768w, https:\/\/www.rheintalerbachchor.com\/wp-content\/uploads\/2017\/04\/Scan0005-2-817x1024.jpg 817w, https:\/\/www.rheintalerbachchor.com\/wp-content\/uploads\/2017\/04\/Scan0005-2-600x752.jpg 600w, https:\/\/www.rheintalerbachchor.com\/wp-content\/uploads\/2017\/04\/Scan0005-2.jpg 1125w\" sizes=\"auto, (max-width: 239px) 100vw, 239px\" \/><\/a><a href=\"http:\/\/www.rheintalerbachchor.com\/wp-content\/uploads\/2017\/04\/Scan0001-2.jpg\"><img loading=\"lazy\" decoding=\"async\" class=\"alignnone size-medium wp-image-221\" src=\"http:\/\/www.rheintalerbachchor.com\/wp-content\/uploads\/2017\/04\/Scan0001-2-242x300.jpg\" alt=\"\" width=\"242\" height=\"300\" srcset=\"https:\/\/www.rheintalerbachchor.com\/wp-content\/uploads\/2017\/04\/Scan0001-2-242x300.jpg 242w, https:\/\/www.rheintalerbachchor.com\/wp-content\/uploads\/2017\/04\/Scan0001-2-768x953.jpg 768w, https:\/\/www.rheintalerbachchor.com\/wp-content\/uploads\/2017\/04\/Scan0001-2-825x1024.jpg 825w, https:\/\/www.rheintalerbachchor.com\/wp-content\/uploads\/2017\/04\/Scan0001-2-600x744.jpg 600w, https:\/\/www.rheintalerbachchor.com\/wp-content\/uploads\/2017\/04\/Scan0001-2.jpg 1131w\" sizes=\"auto, (max-width: 242px) 100vw, 242px\" \/><\/a><a href=\"http:\/\/www.rheintalerbachchor.com\/wp-content\/uploads\/2017\/04\/Scan0003-2.jpg\"><img loading=\"lazy\" decoding=\"async\" class=\"alignnone size-medium wp-image-222\" src=\"http:\/\/www.rheintalerbachchor.com\/wp-content\/uploads\/2017\/04\/Scan0003-2-240x300.jpg\" alt=\"\" width=\"240\" height=\"300\" srcset=\"https:\/\/www.rheintalerbachchor.com\/wp-content\/uploads\/2017\/04\/Scan0003-2-240x300.jpg 240w, https:\/\/www.rheintalerbachchor.com\/wp-content\/uploads\/2017\/04\/Scan0003-2-768x962.jpg 768w, https:\/\/www.rheintalerbachchor.com\/wp-content\/uploads\/2017\/04\/Scan0003-2-818x1024.jpg 818w, https:\/\/www.rheintalerbachchor.com\/wp-content\/uploads\/2017\/04\/Scan0003-2-600x751.jpg 600w, https:\/\/www.rheintalerbachchor.com\/wp-content\/uploads\/2017\/04\/Scan0003-2.jpg 1126w\" sizes=\"auto, (max-width: 240px) 100vw, 240px\" \/><\/a><\/p>\n<p><strong>Die Leidensgeschichte Jesu in der l\u00e4ndlichen Schweiz angesiedelt<\/strong><\/p>\n<p>Der Wattwiler K\u00fcnstler Willy Fries studierte zur Zeit des beginnenden Faschismus in Berlin und wurde, mit den Schrecken dieses Regimes konfrontiert, dazu inspiriert, die Geschichte Jesu unter anderen Aspekten zu betrachten. So schuf er eine realit\u00e4tsnahe Abfolge von Malereien, welche die Leiden Jesu ins Toggenburg \u00fcbertrugen. Die Bildfolge rief deutlich zur Gewaltlosigkeit auf \u2013 und war von derart aufr\u00fcttelnder Verbindung zur Schweizer Politik, dass die Werke nach Deutschland ins \u00abExil\u00bb gebracht werden mussten. Sie sind immer noch im Verteidigungsmuseum in Berlin eingelagert.<br \/>\nDer Toggenburger Musiker Peter Roth \u00ab\u00fcbersetzte\u00bb die Bildsprache von Fries in ein originelles Musikwerk: Die Form mit Arien, Rezitativen und Chor\u00e4len lehnt sich an barocke Passionskompositionen an. Seinen ganz eigenen Stil bringt er mit der Integration von Musikelementen aus dem Alpstein hinein. So verwendet er den Rhythmus und die Kl\u00e4nge der Volksmusik aus dem Alpstein. Da wird das Publikum in der 1984 in Wattwil uraufgef\u00fchrten Toggenburger Passion einige Male an Mazurken, Polkas und L\u00e4ndler aus der Ostschweiz erinnert; \u00abJauchzet, singet, tanzet\u00bb kommt wie ein eing\u00e4ngiges Volkslied daher. Selbstverst\u00e4ndlich ist ein Hackbrett ins Orchester integriert; dessen feine und doch nicht \u00fcberh\u00f6rbare Kl\u00e4nge gehen bestens auf im volumin\u00f6sen Klang des Orchesters.<br \/>\nEin weiteres wesentliches Element, welches Peter Roth sehr provokativ in das Werk eingebaut hat, ist die erstmalige Darstellung Jesu mit einer Frauenstimme; sie ist es denn auch, welche pr\u00e4gnant durchs ganze Opus f\u00fchrt. Im Sinne der von beiden K\u00fcnstlern propagierten Gewaltfreiheit beginnt denn das eindr\u00fcckliche Werk mit den Worten: \u00abAufrecht gehen sollen alle, die Gewalt ablehnen\u2026 und hungern nach den Rechten der Menschen.\u00bb<span style=\"font-size: 8pt;\"> (1)<\/span><\/p>\n<p>Der Rheintaler Bach-Chor hat f\u00fcr sein Projekt 2018 die Toggenburger Passion von Peter Roth ausgesucht, u.a. weil durch diese Musik thematisch an die Bach\u2019sche Johannes-Passion von 2015 angekn\u00fcpft wird und eine vergleichbare Intensit\u00e4t und spirituelle Ber\u00fchrung erreicht werden kann. Die vorgesehene gleichzeitige Projektion der einst verbotenen Bilder von Willy Fries \u2013 Inspiration des Komponisten zu seiner Passionsmusik \u2013 unterst\u00fctzen durch&nbsp; ihre Intensit\u00e4t und Aussagekraft die&nbsp; Botschaft des musikalischen Werkes.<\/p>\n<p><strong>Weitere Informationen:<\/strong><\/p>\n<p>Musik: Peter Roth&nbsp; <a href=\"http:\/\/www.peterroth.ch\" target=\"_blank\" rel=\"noopener noreferrer\"><span style=\"color: #0000ff; font-size: 10pt;\">Webseite<br \/>\n<\/span><\/a>Bilder: Willy Fries&nbsp; <a href=\"http:\/\/www.willy-fries.ch\/die-grosse-passion\/\" target=\"_blank\" rel=\"noopener noreferrer\"><span style=\"color: #0000ff; font-size: 10pt;\">Webseite<\/span><\/a><\/p>\n<p><span style=\"font-size: 8pt;\">(1) zitiert nach Felix Deprez, Unter-Emmentaler Anzeiger, 12.4.2011<\/span><\/p>\n<p>*************************************************************************<\/p>\n<hr>\n<p><span style=\"font-size: 14pt;\"><strong>Projekt ZERO &nbsp;&nbsp; <\/strong>2015<\/span><br \/>\n<span style=\"font-size: 18pt;\"><strong>Johannes-Passion, <span style=\"font-size: 14pt;\">Johann Sebastian Bach, BWV 245<\/span><\/strong><\/span><\/p>\n<p><strong><br \/>\n<a href=\"http:\/\/www.rheintalerbachchor.com\/wp-content\/uploads\/2017\/04\/DSCN9397.jpg\"><img loading=\"lazy\" decoding=\"async\" class=\"alignnone size-large wp-image-190\" src=\"http:\/\/www.rheintalerbachchor.com\/wp-content\/uploads\/2017\/04\/DSCN9397-1024x768.jpg\" alt=\"\" width=\"525\" height=\"394\" srcset=\"https:\/\/www.rheintalerbachchor.com\/wp-content\/uploads\/2017\/04\/DSCN9397-1024x768.jpg 1024w, https:\/\/www.rheintalerbachchor.com\/wp-content\/uploads\/2017\/04\/DSCN9397-300x225.jpg 300w, https:\/\/www.rheintalerbachchor.com\/wp-content\/uploads\/2017\/04\/DSCN9397-768x576.jpg 768w, https:\/\/www.rheintalerbachchor.com\/wp-content\/uploads\/2017\/04\/DSCN9397-600x450.jpg 600w\" sizes=\"auto, (max-width: 525px) 100vw, 525px\" \/><br \/>\n<\/a><\/strong>Johannes-Passion, Palmsonntag, Pfarrkirche Altach, 29.03.2015<\/p>\n<p><a href=\"http:\/\/www.rheintalerbachchor.com\/wp-content\/uploads\/2017\/04\/DSCN9503.jpg\"><img loading=\"lazy\" decoding=\"async\" class=\"alignnone size-large wp-image-191\" src=\"http:\/\/www.rheintalerbachchor.com\/wp-content\/uploads\/2017\/04\/DSCN9503-1024x768.jpg\" alt=\"\" width=\"525\" height=\"394\" srcset=\"https:\/\/www.rheintalerbachchor.com\/wp-content\/uploads\/2017\/04\/DSCN9503-1024x768.jpg 1024w, https:\/\/www.rheintalerbachchor.com\/wp-content\/uploads\/2017\/04\/DSCN9503-300x225.jpg 300w, https:\/\/www.rheintalerbachchor.com\/wp-content\/uploads\/2017\/04\/DSCN9503-768x576.jpg 768w, https:\/\/www.rheintalerbachchor.com\/wp-content\/uploads\/2017\/04\/DSCN9503-600x450.jpg 600w\" sizes=\"auto, (max-width: 525px) 100vw, 525px\" \/><\/a><br \/>\nJohannes-Passion, Karfreitagskonzert, Altst\u00e4tten, 03.04.2015<\/p>\n<p><strong>Johannes-Passion &#8211; Das Jubil\u00e4umsprojekt 2015<\/strong><br \/>\nZum 125 j\u00e4hrigen Bestehen des Frauenchores Altst\u00e4tten h\u00e4tte sich ein Chor kein gr\u00f6sseres Geschenk machen k\u00f6nnen. Die besten S\u00e4ngerinnen und S\u00e4nger aus dem St. Galler und Vorarlberger Rheintal und aus Baden W\u00fcrttemberg aus insgesamt 28 Ch\u00f6ren hatten sich zu den rund 40 S\u00e4ngerinnen gesellt und gaben Ihnen zum Jubil\u00e4um das sch\u00f6nste Geschenk: Ihre Stimme.<br \/>\nJ\u00fcrgen Natter hat das anspruchsvolle Werk mit grosser Geduld und K\u00f6nnen in intensiven Proben mit dem ad hoc Chor einstudiert. Sein Engagement, sein Ernst und seine Leidenschaft, liessen die S\u00e4ngerinnen und S\u00e4nger \u00fcber sich hinauswachsen.<\/p>\n<p><span style=\"font-size: 14pt;\"><strong><span style=\"font-size: 12pt;\">Ausf\u00fchrende<\/span><\/strong><\/span><br \/>\nNik Kevin Koch, Evangelist<br \/>\nDavid Maze, Jesus<br \/>\nSabine Winter, Sopran<br \/>\nLeila Pfister, Alt<br \/>\nPeter Cavall, Tenor<br \/>\nThomas Dobmeier, Bass<br \/>\nRobert Schneider, Sprecher<\/p>\n<p>Rheintaler Bach-Chor<br \/>\nRheintaler Bach-Orchester<br \/>\n<strong>Leitung am Cembalo<br \/>\nJ\u00dcRGEN NATTER<\/strong><\/p>\n<p><a href=\"http:\/\/www.rheintalerbachchor.com\/wp-content\/uploads\/2017\/04\/Programmheft-JoPa_GzD1-P67911_.pdf\" target=\"_blank\" rel=\"noopener noreferrer\">Programmheft Johannes-Passion<\/a><\/p>\n<p><strong>Pressestimmen:<\/strong><\/p>\n<p><strong>\u00dcberw\u00e4ltigende Passion<\/strong><br \/>\n\u2026..Doch bei Werken von einer spirituellen Dimension wie Bachs Johannes-Passion stellt sich vor allem die Frage, ob die Botschaft beim Publikum angekommen ist. Und das kann man voll und ganz bejahen. F\u00fcr den Dirigenten J\u00fcrgen Natter und f\u00fcr alle Beteiligten war diese Auff\u00fchrung eine innere Notwendigkeit, das war in jedem Ton sp\u00fcrbar. Diese Musik wurde nicht abgespult, sondern sie atmete, liess Ausf\u00fchrenden wie Zuh\u00f6renden Zeit zur Spannung aber vor allem zur Entspannung, Ruhe und Trost.<br \/>\n(<strong>Anna Mika<\/strong> in NEUE, Vorarlberger Zeitung)<br \/>\n<span style=\"font-size: 10pt;\"><a href=\"http:\/\/www.rheintalerbachchor.com\/wp-content\/uploads\/2017\/04\/2015.03.31-NEUE-Vorarlberger-Tageszeitung.pdf\" target=\"_blank\" rel=\"noopener noreferrer\">2015.03.31 NEUE Vorarlberger Tageszeitung<\/a><\/span><\/p>\n<p><strong>Ergreifendes Jubil\u00e4umskonzert<\/strong> \u201e<br \/>\nAltst\u00e4tten. Stille. Die Katholische Kirche Altst\u00e4tten ist am Karfreitagabend voll besetzt. Niemand sagt ein Wort. Das Publikum ist voller Erwartung. Wie mag die Auff\u00fchrung des grossen Meisterwerkes von Johann Sebastian Bach in Altst\u00e4tten gelingen? Der hundertk\u00f6pfige Rheintaler Bach-Chor erhebt sich. Das Rheintaler Bachorchester ist bereit und J\u00fcrgen Natter gibt den Einsatz f\u00fcr den ersten Takt. Es beginnt ein Konzert, das 2 Stunden dauern wird. Es wird ein einmaliges Erlebnis. Den Akteuren gelingt eine wunderbare Verkn\u00fcpfung von Kunst und Religiosit\u00e4t.<br \/>\n(<strong>Monika von der Linden<\/strong>, Der Rheintaler)<br \/>\n<span style=\"font-size: 10pt;\"><a href=\"http:\/\/www.rheintalerbachchor.com\/wp-content\/uploads\/2017\/04\/2015.04.04-Der-Rheintaler-und-Rheintalische-Volkzeitung.pdf\" target=\"_blank\" rel=\"noopener noreferrer\">2015.04.04 Der Rheintaler und Rheintalische Volkzeitung<\/a><\/span><\/p>\n<p><strong>Mit Passion und Courage<\/strong><br \/>\nDer erste Aufschrei \u201eHerr unser Herrscher\u201c ging durch Mark und Bein. Wie zu Bachs Zeiten f\u00fchrte Natter sein Orchester vom Cembalo aus, begleitete die Rezitative partitursicher und originell ausgesetzt (man h\u00f6rte sogar den Hahn kr\u00e4hen) und bewies, dass er mit reduzierter Geb\u00e4rde die Ausf\u00fchrenden besser bei sich hatte, als mit dramatischem Gefuchtel.<br \/>\n(<strong>Barbara Camenzind<\/strong>, in der Rheintalischen Volkszeitung)<br \/>\n<span style=\"font-size: 10pt;\"><a href=\"http:\/\/www.rheintalerbachchor.com\/wp-content\/uploads\/2017\/04\/2015.04.08-Der-Rheintaler-und-Rheintalische-Volkzeitung.pdf\" target=\"_blank\" rel=\"noopener noreferrer\">2015.04.08 Der Rheintaler und Rheintalische Volkzeitung<\/a><\/span><\/p>\n<p><strong>Es ist vollbracht<br \/>\n<\/strong>Absolut professionell und klangsch\u00f6n agiert auch das ebenfalls zu diesem Zweck gegr\u00fcndete Rheintaler Bach-Orchester mit vielen bekannten Gesichtern vom SOV. Musiziert wird auf modernen Instrumenten und in normaler Stimmung. J\u00fcrgen Natter begleitet in alter Kapellmeistermanier die Rezitative vom Cembalo aus. Der mit ihm befreundete Autor Robert Schneider macht sich zwischen den beiden Teilen Gedanken wider die Scheinheiligkeit im Alltag angesichts des Todes. Der H\u00f6hepunkt der Handlung wird mit Jesu Kreuzestod erreicht: \u201eEs ist vollbracht!\u201c. Nach dem letzten Akkord huscht erstmals so etwas wie ein L\u00e4cheln \u00fcber Natters Gesicht. Auch f\u00fcr ihn gilt in diesem Moment:\u201cEs ist vollbracht\u201c, sein Traum hat sich erf\u00fcllt. Einhellige, herzliche Standing Ovations.<br \/>\n(<strong>Fritz Jurmann<\/strong>, Vorarlberger Nachrichten VN,)<br \/>\n<span style=\"font-size: 10pt;\"><a href=\"http:\/\/www.rheintalerbachchor.com\/wp-content\/uploads\/2017\/04\/2015.03.31-Vorarlberger-Nachrichten.pdf\" target=\"_blank\" rel=\"noopener noreferrer\">2015.03.31 Vorarlberger Nachrichten<\/a><\/span><\/p>\n<hr>\n<p>&nbsp;<\/p>\n","protected":false},"excerpt":{"rendered":"<p>RBC Projekt VIII &#8211; 2026\/ 2027 STABAT MATER von Anton\u00edn Dvo\u0159\u00e1k (1841 \u2013 1904) Der Rheintaler Bach-Chor wird das Werk von August 2026 \u2013 M\u00e4rz 2027 erarbeiten, in Kooperation mit dem Messias Chor Z\u00fcrich, dem Orchesterverein Einsiedeln und Jelena Dojcinovic, Sopran; C\u00e9line Ak\u00e7a\u011f, Alt;&nbsp; Nino Aurelio Gm\u00fcnder, Tenor; Bastian Thomas Kohl, Bass; Leitung Alexander Seidel &hellip; <\/p>\n<p class=\"link-more\"><a href=\"https:\/\/www.rheintalerbachchor.com\/?page_id=117\" class=\"more-link\"><span class=\"screen-reader-text\">\u201eProjekte\u201c<\/span> weiterlesen<\/a><\/p>\n","protected":false},"author":1,"featured_media":0,"parent":0,"menu_order":0,"comment_status":"closed","ping_status":"closed","template":"","meta":{"ngg_post_thumbnail":0,"footnotes":""},"class_list":["post-117","page","type-page","status-publish","hentry"],"_links":{"self":[{"href":"https:\/\/www.rheintalerbachchor.com\/index.php?rest_route=\/wp\/v2\/pages\/117","targetHints":{"allow":["GET"]}}],"collection":[{"href":"https:\/\/www.rheintalerbachchor.com\/index.php?rest_route=\/wp\/v2\/pages"}],"about":[{"href":"https:\/\/www.rheintalerbachchor.com\/index.php?rest_route=\/wp\/v2\/types\/page"}],"author":[{"embeddable":true,"href":"https:\/\/www.rheintalerbachchor.com\/index.php?rest_route=\/wp\/v2\/users\/1"}],"replies":[{"embeddable":true,"href":"https:\/\/www.rheintalerbachchor.com\/index.php?rest_route=%2Fwp%2Fv2%2Fcomments&post=117"}],"version-history":[{"count":130,"href":"https:\/\/www.rheintalerbachchor.com\/index.php?rest_route=\/wp\/v2\/pages\/117\/revisions"}],"predecessor-version":[{"id":4120,"href":"https:\/\/www.rheintalerbachchor.com\/index.php?rest_route=\/wp\/v2\/pages\/117\/revisions\/4120"}],"wp:attachment":[{"href":"https:\/\/www.rheintalerbachchor.com\/index.php?rest_route=%2Fwp%2Fv2%2Fmedia&parent=117"}],"curies":[{"name":"wp","href":"https:\/\/api.w.org\/{rel}","templated":true}]}}